{"id":116,"date":"2014-09-29T18:37:17","date_gmt":"2014-09-29T18:37:17","guid":{"rendered":"http:\/\/musikprojektsachsen.de\/wordpress\/?page_id=116"},"modified":"2024-09-19T20:12:02","modified_gmt":"2024-09-19T20:12:02","slug":"neue-musik-fuer-klarinetten-2010","status":"publish","type":"page","link":"https:\/\/musikprojektsachsen.de\/?page_id=116","title":{"rendered":"Neue Musik f\u00fcr Klarinetten 2010"},"content":{"rendered":"\n<div class=\"wp-block-columns is-layout-flex wp-container-core-columns-layout-1 wp-block-columns-is-layout-flex\">\n<div class=\"wp-block-column is-layout-flow wp-block-column-is-layout-flow\" style=\"flex-basis:33.33%\">\n<figure class=\"wp-block-image size-large\"><a href=\"https:\/\/musikprojektsachsen.de\/wp-content\/uploads\/2014\/10\/klarinette_plakat_big.jpg\"><img loading=\"lazy\" decoding=\"async\" width=\"724\" height=\"1024\" src=\"https:\/\/musikprojektsachsen.de\/wp-content\/uploads\/2014\/10\/klarinette_plakat_big-724x1024.jpg\" alt=\"\" class=\"wp-image-184\" srcset=\"https:\/\/musikprojektsachsen.de\/wp-content\/uploads\/2014\/10\/klarinette_plakat_big-724x1024.jpg 724w, https:\/\/musikprojektsachsen.de\/wp-content\/uploads\/2014\/10\/klarinette_plakat_big-212x300.jpg 212w, https:\/\/musikprojektsachsen.de\/wp-content\/uploads\/2014\/10\/klarinette_plakat_big.jpg 1754w\" sizes=\"(max-width: 724px) 100vw, 724px\" \/><\/a><\/figure>\n<\/div>\n\n\n\n<div class=\"wp-block-column is-layout-flow wp-block-column-is-layout-flow\" style=\"flex-basis:66.66%\">\n<h2 class=\"wp-block-heading has-text-align-center\"><strong>Konzerte und Workshop<\/strong><\/h2>\n\n\n\n<h2 class=\"wp-block-heading has-text-align-center\"><strong>mit dem<\/strong><\/h2>\n\n\n\n<h2 class=\"wp-block-heading has-text-align-center\"><strong>LEIPZIGER KLARINETTENQUARTETT<\/strong><\/h2>\n<\/div>\n<\/div>\n\n\n\n<p>Im Herbst 2010 veranstaltete der \u201eMusikProjektSachsen e. V.\u201c das Projekt \u201eNeue Musik f\u00fcr Klarinetten\u201c, bestehend aus einem Workshop f\u00fcr Klarinettensch\u00fcler aus dem Raum Leipzig und mehreren Konzerten mit dem LEIPZIGER KLARINETTENQUARTETT. Ziel des Projektes war es, Musiksch\u00fcler und deren Eltern, Instrumentalp\u00e4dagogen und weitere Musikinteressierte an zeitgen\u00f6ssische Musik f\u00fcr Klarinette heranzuf\u00fchren und insbesondere bei den Ausf\u00fchrenden ein nachhaltiges Interesse f\u00fcr Neue Musik zu wecken.<\/p>\n\n\n\n<p>\u00dcber mehrere Workshop-Treffen wurden Klarinettensch\u00fcler von Mitgliedern des Ensembles an ausgew\u00e4hlte Kompositionen herangef\u00fchrt und lernten verschiedene Kompositionstechniken des 20.\/21. Jahrhunderts kennen. Dabei wurde gemeinsam mit den Profimusikern improvisiert und es wurden verschiedene Spieltechniken ausprobiert. Das Programm wurde speziell auf die jeweiligen Sch\u00fcler (-Ensembles) zugeschnitten.<\/p>\n\n\n\n<p>Das Projekt diente auch dazu, das Unterrichts- und Auff\u00fchrungsrepertoire junger Klarinettisten zu erweitern. Besonders wichtig war es uns, St\u00fccke vorzustellen und zu erarbeiten, die sich gut f\u00fcr die Auff\u00fchrung in Konzerten und die Teilnahme an Wettbewerben, wie z. B. \u201eJugend musiziert\u201c eignen. Wir gehen davon aus, dass die gezielte Besch\u00e4ftigung mit zeitgen\u00f6ssischer Musik nicht fr\u00fch genug beginnen kann und dass sie das \u00e4sthetische Empfinden und das spieltechnische K\u00f6nnen eines jungen Musikers nachhaltig bereichern kann.<\/p>\n\n\n\n<p>H\u00f6hepunkt des Projektes war ein gemeinsamer Workshop-Tag der Fachrichtung Holzbl\u00e4ser Am 04.12.2010 der Musikschule \u201eJohann Sebastian Bach\u201c Leipzig. Dabei handelte es sich um den \u201e3. Leipziger Ensembletag\u201c, der f\u00fcr Sch\u00fcler aus ganz Sachsen offen war. An diesem Tag fand auch ein gemeinsames Konzert mit dem Fl\u00f6tenensemble \u201eQuintessenz\u201c statt.<\/p>\n\n\n\n<p>Das LEIPZIGER KLARINETTENQUARTETT spielte u. a. zwei Urauff\u00fchrungen. Au\u00dferdem hatten die besten Teilnehmer des Workshops Gelegenheit bekommen, ihre erarbeiteten St\u00fccke vorzustellen. Im Rahmen des Projektes fanden noch weitere Konzerte in Dresden, Chemnitz und W\u00fcrzburg\/Aub statt.<\/p>\n\n\n\n<p><strong>Die Konzerte<\/strong><\/p>\n\n\n\n<ul>\n<li>27.11.10 Heinrich &#8211; Sch\u00fctz &#8211; Konservatorium, Dresden, e. V.<\/li>\n\n\n\n<li>28.11.10 Konzert in W\u00fcrzburg\/Aub, ars musica am Marktplatz<\/li>\n\n\n\n<li>05.12.10 \u201eWeltecho\u201c in Chemnitz, in Zusammenarbeit mit \u201eDas Ufer e. V.\u201c<\/li>\n\n\n\n<li>04.12.10 Musikschule \u201eJohann Sebastian Bach\u201c Leipzig<\/li>\n\n\n\n<li>12.06.11 Rheinsberger Pfingstwerkstatt Neue Musik<\/li>\n<\/ul>\n\n\n\n<p><strong>Programm<\/strong> <\/p>\n\n\n<p>Hubert Hoche &#8211; &#8222;The brook flows&#8220; (2010)<\/p>\n<p>Steffen Reinhold \u2013 &#8222;<a href=\"https:\/\/steffenreinhold.de\/komposition\/johns-spinning-room\/\">John\u2019s Spinning Room<\/a>&#8220; f\u00fcr Klarinettenquartett (2010)<\/p>\n<p>Andr\u00e9s Maupoint &#8211; 3 St\u00fccke f\u00fcr Klarinettenquartett (1999)<\/p>\n<p>Johannes Wallmann \u2013 son fragment &#8211; solo 4-fach (2002)<\/p>\n<p>Friedrich Schenker &#8211; Les Clarinettes Des Vosges f\u00fcr Klarinettenquartett (1998)<\/p>\n<p>Christian F.P. Kram &#8211; Quadrophonie (2000)<\/p>\n<p>drei von Sch\u00fclern erarbeitete zeitgen\u00f6ssische Kompositionen<\/p>","protected":false},"excerpt":{"rendered":"<p>Konzerte und Workshop mit dem LEIPZIGER KLARINETTENQUARTETT Im Herbst 2010 veranstaltete der \u201eMusikProjektSachsen e. V.\u201c das Projekt \u201eNeue Musik f\u00fcr Klarinetten\u201c, bestehend aus einem Workshop f\u00fcr Klarinettensch\u00fcler aus dem Raum Leipzig und mehreren Konzerten mit dem LEIPZIGER KLARINETTENQUARTETT. Ziel des Projektes war es, Musiksch\u00fcler und deren Eltern, Instrumentalp\u00e4dagogen und weitere Musikinteressierte an zeitgen\u00f6ssische Musik f\u00fcr [&hellip;]<\/p>\n","protected":false},"author":1,"featured_media":0,"parent":666,"menu_order":4,"comment_status":"closed","ping_status":"closed","template":"","meta":{"footnotes":""},"_links":{"self":[{"href":"https:\/\/musikprojektsachsen.de\/index.php?rest_route=\/wp\/v2\/pages\/116"}],"collection":[{"href":"https:\/\/musikprojektsachsen.de\/index.php?rest_route=\/wp\/v2\/pages"}],"about":[{"href":"https:\/\/musikprojektsachsen.de\/index.php?rest_route=\/wp\/v2\/types\/page"}],"author":[{"embeddable":true,"href":"https:\/\/musikprojektsachsen.de\/index.php?rest_route=\/wp\/v2\/users\/1"}],"replies":[{"embeddable":true,"href":"https:\/\/musikprojektsachsen.de\/index.php?rest_route=%2Fwp%2Fv2%2Fcomments&post=116"}],"version-history":[{"count":12,"href":"https:\/\/musikprojektsachsen.de\/index.php?rest_route=\/wp\/v2\/pages\/116\/revisions"}],"predecessor-version":[{"id":727,"href":"https:\/\/musikprojektsachsen.de\/index.php?rest_route=\/wp\/v2\/pages\/116\/revisions\/727"}],"up":[{"embeddable":true,"href":"https:\/\/musikprojektsachsen.de\/index.php?rest_route=\/wp\/v2\/pages\/666"}],"wp:attachment":[{"href":"https:\/\/musikprojektsachsen.de\/index.php?rest_route=%2Fwp%2Fv2%2Fmedia&parent=116"}],"curies":[{"name":"wp","href":"https:\/\/api.w.org\/{rel}","templated":true}]}}